{"id":1713,"date":"2025-03-10T13:48:35","date_gmt":"2025-03-10T12:48:35","guid":{"rendered":"http:\/\/magu-swiss.ch\/?page_id=1713"},"modified":"2025-03-30T09:44:38","modified_gmt":"2025-03-30T07:44:38","slug":"cassonetto-per-tapparelle-con-sistema-di-isolamento-termico-esterno","status":"publish","type":"page","link":"https:\/\/magu-swiss.ch\/it\/rund-ums-fenster\/jalousiekasten-wdvs\/","title":{"rendered":"Cassonetto per tapparelle con sistema di isolamento termico esterno (WDVS)"},"content":{"rendered":"<section class=\"bde-section-1713-100 bde-section\">\n  \n  \n\t\n\n\n\n<div class=\"section-container\"><h2 class=\"bde-heading-1713-102 bde-heading animated-underline\">\nCassonetto per tapparelle MAGU per l'isolamento termico completo \n<\/h2><div class=\"bde-text-1713-103 bde-text\">\nI cassonetti per tapparelle MAGU per sistemi di isolamento termico a cappotto vengono montati sulle pareti portanti esistenti. Il cassonetto viene intonacato in modo da risultare invisibile grazie all\u2019isolamento termico a cappotto e garantisce alla tapparella un ancoraggio sicuro nonch\u00e9 una protezione affidabile dagli agenti atmosferici.\n<\/div><div class=\"bde-columns-1713-104 bde-columns\"><div class=\"bde-column-1713-105 bde-column\">\n  \n  \n\t\n\n\n\n<img decoding=\"async\" class=\"bde-image2-1713-120 bde-image2\" src=\"https:\/\/magu-swiss.ch\/wp-content\/uploads\/2025\/03\/Jalousiekasten-1.webp\" loading=\"lazy\" srcset=\"https:\/\/magu-swiss.ch\/wp-content\/uploads\/2025\/03\/Jalousiekasten-1.webp 1000w, https:\/\/magu-swiss.ch\/wp-content\/uploads\/2025\/03\/Jalousiekasten-1-206x300.webp 206w, https:\/\/magu-swiss.ch\/wp-content\/uploads\/2025\/03\/Jalousiekasten-1-703x1024.webp 703w, https:\/\/magu-swiss.ch\/wp-content\/uploads\/2025\/03\/Jalousiekasten-1-768x1118.webp 768w, https:\/\/magu-swiss.ch\/wp-content\/uploads\/2025\/03\/Jalousiekasten-1-600x874.webp 600w\" sizes=\"(max-width: 1000px) 100vw, 1000px\">\n<\/div><div class=\"bde-column-1713-107 bde-column\">\n  \n  \n\t\n\n\n\n<div class=\"bde-checkmark-list-1713-108 bde-checkmark-list\">\n<ul>\n  \n              \n              \n    <li>\n      <span class='bde-checkmark-list__icon bde-checkmark-list__icon_yes'>\n                  <svg xmlns=\"http:\/\/www.w3.org\/2000\/svg\" viewbox=\"0 0 448 512\"><!--! Font Awesome Free 6.5.1 by @fontawesome - https:\/\/fontawesome.com License - https:\/\/fontawesome.com\/license\/free (Icons: CC BY 4.0, Fonts: SIL OFL 1.1, Code: MIT License) Copyright 2023 Fonticons, Inc. --><path d=\"M438.6 105.4c12.5 12.5 12.5 32.8 0 45.3l-256 256c-12.5 12.5-32.8 12.5-45.3 0l-128-128c-12.5-12.5-12.5-32.8 0-45.3s32.8-12.5 45.3 0L160 338.7 393.4 105.4c12.5-12.5 32.8-12.5 45.3 0z\"\/><\/svg>\n              <\/span>\n      <div >\n        Per murature e strutture con montanti in legno \n      <\/div>\n\n    <\/li>\n\n  \n              \n              \n    <li>\n      <span class='bde-checkmark-list__icon bde-checkmark-list__icon_yes'>\n                  <svg xmlns=\"http:\/\/www.w3.org\/2000\/svg\" viewbox=\"0 0 448 512\"><!--! Font Awesome Free 6.5.1 by @fontawesome - https:\/\/fontawesome.com License - https:\/\/fontawesome.com\/license\/free (Icons: CC BY 4.0, Fonts: SIL OFL 1.1, Code: MIT License) Copyright 2023 Fonticons, Inc. --><path d=\"M438.6 105.4c12.5 12.5 12.5 32.8 0 45.3l-256 256c-12.5 12.5-32.8 12.5-45.3 0l-128-128c-12.5-12.5-12.5-32.8 0-45.3s32.8-12.5 45.3 0L160 338.7 393.4 105.4c12.5-12.5 32.8-12.5 45.3 0z\"\/><\/svg>\n              <\/span>\n      <div >\n        Spessori delle pareti compresi tra 30 e 50 cm \n      <\/div>\n\n    <\/li>\n\n  \n              \n              \n    <li>\n      <span class='bde-checkmark-list__icon bde-checkmark-list__icon_yes'>\n                  <svg xmlns=\"http:\/\/www.w3.org\/2000\/svg\" viewbox=\"0 0 448 512\"><!--! Font Awesome Free 6.5.1 by @fontawesome - https:\/\/fontawesome.com License - https:\/\/fontawesome.com\/license\/free (Icons: CC BY 4.0, Fonts: SIL OFL 1.1, Code: MIT License) Copyright 2023 Fonticons, Inc. --><path d=\"M438.6 105.4c12.5 12.5 12.5 32.8 0 45.3l-256 256c-12.5 12.5-32.8 12.5-45.3 0l-128-128c-12.5-12.5-12.5-32.8 0-45.3s32.8-12.5 45.3 0L160 338.7 393.4 105.4c12.5-12.5 32.8-12.5 45.3 0z\"\/><\/svg>\n              <\/span>\n      <div >\n        Fissaggio sicuro di tutte le tapparelle o delle persiane a lamelle \n      <\/div>\n\n    <\/li>\n\n  \n              \n              \n    <li>\n      <span class='bde-checkmark-list__icon bde-checkmark-list__icon_yes'>\n                  <svg xmlns=\"http:\/\/www.w3.org\/2000\/svg\" viewbox=\"0 0 448 512\"><!--! Font Awesome Free 6.5.1 by @fontawesome - https:\/\/fontawesome.com License - https:\/\/fontawesome.com\/license\/free (Icons: CC BY 4.0, Fonts: SIL OFL 1.1, Code: MIT License) Copyright 2023 Fonticons, Inc. --><path d=\"M438.6 105.4c12.5 12.5 12.5 32.8 0 45.3l-256 256c-12.5 12.5-32.8 12.5-45.3 0l-128-128c-12.5-12.5-12.5-32.8 0-45.3s32.8-12.5 45.3 0L160 338.7 393.4 105.4c12.5-12.5 32.8-12.5 45.3 0z\"\/><\/svg>\n              <\/span>\n      <div >\n        Resistente alle intemperie e all'umidit\u00e0\n      <\/div>\n\n    <\/li>\n\n  <\/ul>\n\n<\/div>\n<\/div><div class=\"bde-column-1713-109 bde-column\">\n  \n  \n\t\n\n\n\n<img decoding=\"async\" class=\"bde-image2-1713-106 bde-image2\" src=\"https:\/\/magu-swiss.ch\/wp-content\/uploads\/2025\/03\/JalousiekastenFenster1.webp\" loading=\"lazy\" srcset=\"https:\/\/magu-swiss.ch\/wp-content\/uploads\/2025\/03\/JalousiekastenFenster1.webp 1000w, https:\/\/magu-swiss.ch\/wp-content\/uploads\/2025\/03\/JalousiekastenFenster1-244x300.webp 244w, https:\/\/magu-swiss.ch\/wp-content\/uploads\/2025\/03\/JalousiekastenFenster1-833x1024.webp 833w, https:\/\/magu-swiss.ch\/wp-content\/uploads\/2025\/03\/JalousiekastenFenster1-768x944.webp 768w, https:\/\/magu-swiss.ch\/wp-content\/uploads\/2025\/03\/JalousiekastenFenster1-600x737.webp 600w\" sizes=\"(max-width: 1000px) 100vw, 1000px\">\n<\/div><\/div><\/div>\n<\/section><section class=\"bde-section-1713-135 bde-section\">\n  \n  \n\t\n\n\n\n<div class=\"section-container\"><div class=\"bde-text-1713-147 bde-text\">\nUna tenda veneziana coniuga in modo ottimale l'ingresso della luce, la protezione dal sole e la tutela della privacy. \n<\/div><img decoding=\"async\" class=\"bde-image2-1713-146 bde-image2\" src=\"https:\/\/magu-swiss.ch\/wp-content\/uploads\/2025\/03\/Jalousiekasten.webp\" srcset=\"https:\/\/magu-swiss.ch\/wp-content\/uploads\/2025\/03\/Jalousiekasten.webp 1100w, https:\/\/magu-swiss.ch\/wp-content\/uploads\/2025\/03\/Jalousiekasten-300x142.webp 300w, https:\/\/magu-swiss.ch\/wp-content\/uploads\/2025\/03\/Jalousiekasten-1024x486.webp 1024w, https:\/\/magu-swiss.ch\/wp-content\/uploads\/2025\/03\/Jalousiekasten-768x364.webp 768w, https:\/\/magu-swiss.ch\/wp-content\/uploads\/2025\/03\/Jalousiekasten-600x285.webp 600w\" sizes=\"(max-width: 1100px) 100vw, 1100px\"><\/div>\n<\/section><section class=\"bde-section-1713-121 bde-section\">\n  \n  \n\t\n\n\n\n<div class=\"section-container\"><div class=\"bde-text-1713-123 bde-text\">\nStruttura schematica del cassonetto per tapparelle MAGU fissato alla parete portante.\n<\/div><div class=\"bde-columns-1713-124 bde-columns\"><div class=\"bde-column-1713-125 bde-column\">\n  \n  \n\t\n\n\n\n<img decoding=\"async\" class=\"bde-image2-1713-126 bde-image2\" src=\"https:\/\/magu-swiss.ch\/wp-content\/uploads\/2025\/03\/Montage-Jalousiekasten-3-WDVS.webp\" loading=\"lazy\" srcset=\"https:\/\/magu-swiss.ch\/wp-content\/uploads\/2025\/03\/Montage-Jalousiekasten-3-WDVS.webp 1000w, https:\/\/magu-swiss.ch\/wp-content\/uploads\/2025\/03\/Montage-Jalousiekasten-3-WDVS-298x300.webp 298w, https:\/\/magu-swiss.ch\/wp-content\/uploads\/2025\/03\/Montage-Jalousiekasten-3-WDVS-150x150.webp 150w, https:\/\/magu-swiss.ch\/wp-content\/uploads\/2025\/03\/Montage-Jalousiekasten-3-WDVS-768x773.webp 768w, https:\/\/magu-swiss.ch\/wp-content\/uploads\/2025\/03\/Montage-Jalousiekasten-3-WDVS-600x604.webp 600w\" sizes=\"(max-width: 1000px) 100vw, 1000px\">\n<\/div><div class=\"bde-column-1713-129 bde-column\">\n  \n  \n\t\n\n\n\n<img decoding=\"async\" class=\"bde-image2-1713-130 bde-image2\" src=\"https:\/\/magu-swiss.ch\/wp-content\/uploads\/2025\/03\/Montage-Jalousiekasten-2-WDVS.webp\" loading=\"lazy\" srcset=\"https:\/\/magu-swiss.ch\/wp-content\/uploads\/2025\/03\/Montage-Jalousiekasten-2-WDVS.webp 1000w, https:\/\/magu-swiss.ch\/wp-content\/uploads\/2025\/03\/Montage-Jalousiekasten-2-WDVS-300x205.webp 300w, https:\/\/magu-swiss.ch\/wp-content\/uploads\/2025\/03\/Montage-Jalousiekasten-2-WDVS-768x525.webp 768w, https:\/\/magu-swiss.ch\/wp-content\/uploads\/2025\/03\/Montage-Jalousiekasten-2-WDVS-600x410.webp 600w\" sizes=\"(max-width: 1000px) 100vw, 1000px\"><div class=\"bde-text-1713-133 bde-text\">\nMontaggio del cassonetto sulla parete massiccia esistente mediante le staffe di fissaggio. <br><br>Durante il montaggio, i cavi di collegamento devono essere fatti passare attraverso i fori praticati nella parte superiore e convogliati verso gli angoli dell'interno della scatola.\n<\/div><img decoding=\"async\" class=\"bde-image2-1713-132 bde-image2\" src=\"https:\/\/magu-swiss.ch\/wp-content\/uploads\/2025\/03\/Montage-Jalousiekasten-WDVS.webp\" loading=\"lazy\" srcset=\"https:\/\/magu-swiss.ch\/wp-content\/uploads\/2025\/03\/Montage-Jalousiekasten-WDVS.webp 1000w, https:\/\/magu-swiss.ch\/wp-content\/uploads\/2025\/03\/Montage-Jalousiekasten-WDVS-300x166.webp 300w, https:\/\/magu-swiss.ch\/wp-content\/uploads\/2025\/03\/Montage-Jalousiekasten-WDVS-768x425.webp 768w, https:\/\/magu-swiss.ch\/wp-content\/uploads\/2025\/03\/Montage-Jalousiekasten-WDVS-600x332.webp 600w\" sizes=\"(max-width: 1000px) 100vw, 1000px\"><div class=\"bde-text-1713-134 bde-text\">\nGiunzione tra il cassonetto della tapparella e la finestra- <br>La pellicola protettiva applicata sui due lati inferiori del cassonetto deve essere rimossa dopo l'intonacatura e prima del montaggio della tapparella. \n<\/div>\n<\/div><\/div><\/div>\n<\/section><section class=\"bde-section-1713-148 bde-section padding-elements\">\n  \n  \n\t\n\n\n\n<div class=\"section-container\"><h2 class=\"bde-heading-1713-149 bde-heading animated-underline\">\nImmagini e dettagli\n<\/h2><div class=\"bde-gallery-1713-150 bde-gallery\">\n\n\n  \n\n\n\n\n\n\n\n\n\n\n<div class=\"ee-gallery ee-gallery--default ee-gallery--grid ee-gallery-- ee-gallery--lightbox ee-gallery--slide-up ee-gallery--caption- ee-gallery--caption-none ee-gallery--ratio\">\n                  \n      <a class=\"ee-gallery-item ee-gallery-item--image ee-gallery-item--single\" href=\"https:\/\/magu-swiss.ch\/wp-content\/uploads\/2025\/03\/Jalousiekasten-Vollwaermeschutz-3.webp\"  data-sub-html=\"<span><\/span>\" data-category=\"1\"                  data-lg-size=\"1000-563\"\n\n      >\n        <figure class=\"ee-gallery-item-figure\">\n                        <img loading=\"lazy\" decoding=\"async\" class=\"breakdance-image-object\" src=\"https:\/\/magu-swiss.ch\/wp-content\/uploads\/2025\/03\/Jalousiekasten-Vollwaermeschutz-3.webp\" width=\"1000\" height=\"563\" srcset=\"https:\/\/magu-swiss.ch\/wp-content\/uploads\/2025\/03\/Jalousiekasten-Vollwaermeschutz-3.webp 1000w, https:\/\/magu-swiss.ch\/wp-content\/uploads\/2025\/03\/Jalousiekasten-Vollwaermeschutz-3-300x169.webp 300w, https:\/\/magu-swiss.ch\/wp-content\/uploads\/2025\/03\/Jalousiekasten-Vollwaermeschutz-3-768x432.webp 768w, https:\/\/magu-swiss.ch\/wp-content\/uploads\/2025\/03\/Jalousiekasten-Vollwaermeschutz-3-600x338.webp 600w\" sizes=\"auto, (max-width: 1000px) 100vw, 1000px\">\n          \n                  <\/figure>\n      <\/a>\n\n                \n      <a class=\"ee-gallery-item ee-gallery-item--image ee-gallery-item--single\" href=\"https:\/\/magu-swiss.ch\/wp-content\/uploads\/2025\/03\/Jalousiekasten-Vollwaermeschutz-2.webp\"  data-sub-html=\"<span><\/span>\" data-category=\"1\"                  data-lg-size=\"1000-1778\"\n\n      >\n        <figure class=\"ee-gallery-item-figure\">\n                        <img loading=\"lazy\" decoding=\"async\" class=\"breakdance-image-object\" src=\"https:\/\/magu-swiss.ch\/wp-content\/uploads\/2025\/03\/Jalousiekasten-Vollwaermeschutz-2-576x1024.webp\" width=\"576\" height=\"1024\" srcset=\"https:\/\/magu-swiss.ch\/wp-content\/uploads\/2025\/03\/Jalousiekasten-Vollwaermeschutz-2.webp 1000w, https:\/\/magu-swiss.ch\/wp-content\/uploads\/2025\/03\/Jalousiekasten-Vollwaermeschutz-2-169x300.webp 169w, https:\/\/magu-swiss.ch\/wp-content\/uploads\/2025\/03\/Jalousiekasten-Vollwaermeschutz-2-576x1024.webp 576w, https:\/\/magu-swiss.ch\/wp-content\/uploads\/2025\/03\/Jalousiekasten-Vollwaermeschutz-2-768x1366.webp 768w, https:\/\/magu-swiss.ch\/wp-content\/uploads\/2025\/03\/Jalousiekasten-Vollwaermeschutz-2-864x1536.webp 864w, https:\/\/magu-swiss.ch\/wp-content\/uploads\/2025\/03\/Jalousiekasten-Vollwaermeschutz-2-600x1067.webp 600w\" sizes=\"auto, (max-width: 1000px) 100vw, 1000px\">\n          \n                  <\/figure>\n      <\/a>\n\n                \n      <a class=\"ee-gallery-item ee-gallery-item--image ee-gallery-item--single\" href=\"https:\/\/magu-swiss.ch\/wp-content\/uploads\/2025\/03\/Montage-Jalousiekasten-in-Waermedaemmung-.webp\"  data-sub-html=\"<span><\/span>\" data-category=\"1\"                  data-lg-size=\"1000-1333\"\n\n      >\n        <figure class=\"ee-gallery-item-figure\">\n                        <img loading=\"lazy\" decoding=\"async\" class=\"breakdance-image-object\" src=\"https:\/\/magu-swiss.ch\/wp-content\/uploads\/2025\/03\/Montage-Jalousiekasten-in-Waermedaemmung--768x1024.webp\" width=\"768\" height=\"1024\" srcset=\"https:\/\/magu-swiss.ch\/wp-content\/uploads\/2025\/03\/Montage-Jalousiekasten-in-Waermedaemmung-.webp 1000w, https:\/\/magu-swiss.ch\/wp-content\/uploads\/2025\/03\/Montage-Jalousiekasten-in-Waermedaemmung--225x300.webp 225w, https:\/\/magu-swiss.ch\/wp-content\/uploads\/2025\/03\/Montage-Jalousiekasten-in-Waermedaemmung--768x1024.webp 768w, https:\/\/magu-swiss.ch\/wp-content\/uploads\/2025\/03\/Montage-Jalousiekasten-in-Waermedaemmung--600x800.webp 600w\" sizes=\"auto, (max-width: 1000px) 100vw, 1000px\">\n          \n                  <\/figure>\n      <\/a>\n\n                \n      <a class=\"ee-gallery-item ee-gallery-item--image ee-gallery-item--single\" href=\"https:\/\/magu-swiss.ch\/wp-content\/uploads\/2025\/03\/Jalousiekasten-Vollwaermeschutz-.webp\"  data-sub-html=\"<span><\/span>\" data-category=\"1\"                  data-lg-size=\"1000-563\"\n\n      >\n        <figure class=\"ee-gallery-item-figure\">\n                        <img loading=\"lazy\" decoding=\"async\" class=\"breakdance-image-object\" src=\"https:\/\/magu-swiss.ch\/wp-content\/uploads\/2025\/03\/Jalousiekasten-Vollwaermeschutz-.webp\" width=\"1000\" height=\"563\" srcset=\"https:\/\/magu-swiss.ch\/wp-content\/uploads\/2025\/03\/Jalousiekasten-Vollwaermeschutz-.webp 1000w, https:\/\/magu-swiss.ch\/wp-content\/uploads\/2025\/03\/Jalousiekasten-Vollwaermeschutz--300x169.webp 300w, https:\/\/magu-swiss.ch\/wp-content\/uploads\/2025\/03\/Jalousiekasten-Vollwaermeschutz--768x432.webp 768w, https:\/\/magu-swiss.ch\/wp-content\/uploads\/2025\/03\/Jalousiekasten-Vollwaermeschutz--600x338.webp 600w\" sizes=\"auto, (max-width: 1000px) 100vw, 1000px\">\n          \n                  <\/figure>\n      <\/a>\n\n                \n      <a class=\"ee-gallery-item ee-gallery-item--image ee-gallery-item--single\" href=\"https:\/\/magu-swiss.ch\/wp-content\/uploads\/2025\/03\/Jalousiekasten-Vollwaermeschutz-4.webp\"  data-sub-html=\"<span><\/span>\" data-category=\"1\"                  data-lg-size=\"1000-563\"\n\n      >\n        <figure class=\"ee-gallery-item-figure\">\n                        <img loading=\"lazy\" decoding=\"async\" class=\"breakdance-image-object\" src=\"https:\/\/magu-swiss.ch\/wp-content\/uploads\/2025\/03\/Jalousiekasten-Vollwaermeschutz-4.webp\" width=\"1000\" height=\"563\" srcset=\"https:\/\/magu-swiss.ch\/wp-content\/uploads\/2025\/03\/Jalousiekasten-Vollwaermeschutz-4.webp 1000w, https:\/\/magu-swiss.ch\/wp-content\/uploads\/2025\/03\/Jalousiekasten-Vollwaermeschutz-4-300x169.webp 300w, https:\/\/magu-swiss.ch\/wp-content\/uploads\/2025\/03\/Jalousiekasten-Vollwaermeschutz-4-768x432.webp 768w, https:\/\/magu-swiss.ch\/wp-content\/uploads\/2025\/03\/Jalousiekasten-Vollwaermeschutz-4-600x338.webp 600w\" sizes=\"auto, (max-width: 1000px) 100vw, 1000px\">\n          \n                  <\/figure>\n      <\/a>\n\n                \n      <a class=\"ee-gallery-item ee-gallery-item--image ee-gallery-item--single\" href=\"https:\/\/magu-swiss.ch\/wp-content\/uploads\/2025\/03\/Flucht-Fassade-Jalousiekasten-.webp\"  data-sub-html=\"<span><\/span>\" data-category=\"1\"                  data-lg-size=\"1000-563\"\n\n      >\n        <figure class=\"ee-gallery-item-figure\">\n                        <img loading=\"lazy\" decoding=\"async\" class=\"breakdance-image-object\" src=\"https:\/\/magu-swiss.ch\/wp-content\/uploads\/2025\/03\/Flucht-Fassade-Jalousiekasten-.webp\" width=\"1000\" height=\"563\" srcset=\"https:\/\/magu-swiss.ch\/wp-content\/uploads\/2025\/03\/Flucht-Fassade-Jalousiekasten-.webp 1000w, https:\/\/magu-swiss.ch\/wp-content\/uploads\/2025\/03\/Flucht-Fassade-Jalousiekasten--300x169.webp 300w, https:\/\/magu-swiss.ch\/wp-content\/uploads\/2025\/03\/Flucht-Fassade-Jalousiekasten--768x432.webp 768w, https:\/\/magu-swiss.ch\/wp-content\/uploads\/2025\/03\/Flucht-Fassade-Jalousiekasten--600x338.webp 600w\" sizes=\"auto, (max-width: 1000px) 100vw, 1000px\">\n          \n                  <\/figure>\n      <\/a>\n\n                \n      <a class=\"ee-gallery-item ee-gallery-item--image ee-gallery-item--single\" href=\"https:\/\/magu-swiss.ch\/wp-content\/uploads\/2025\/03\/Raffstorekasten-Lieferung-.webp\"  data-sub-html=\"<span><\/span>\" data-category=\"1\"                  data-lg-size=\"1000-563\"\n\n      >\n        <figure class=\"ee-gallery-item-figure\">\n                        <img loading=\"lazy\" decoding=\"async\" class=\"breakdance-image-object\" src=\"https:\/\/magu-swiss.ch\/wp-content\/uploads\/2025\/03\/Raffstorekasten-Lieferung-.webp\" width=\"1000\" height=\"563\" srcset=\"https:\/\/magu-swiss.ch\/wp-content\/uploads\/2025\/03\/Raffstorekasten-Lieferung-.webp 1000w, https:\/\/magu-swiss.ch\/wp-content\/uploads\/2025\/03\/Raffstorekasten-Lieferung--300x169.webp 300w, https:\/\/magu-swiss.ch\/wp-content\/uploads\/2025\/03\/Raffstorekasten-Lieferung--768x432.webp 768w, https:\/\/magu-swiss.ch\/wp-content\/uploads\/2025\/03\/Raffstorekasten-Lieferung--600x338.webp 600w\" sizes=\"auto, (max-width: 1000px) 100vw, 1000px\">\n          \n                  <\/figure>\n      <\/a>\n\n                \n      <a class=\"ee-gallery-item ee-gallery-item--image ee-gallery-item--single\" href=\"https:\/\/magu-swiss.ch\/wp-content\/uploads\/2025\/03\/Jalosuiekasten-Stukkateur.webp\"  data-sub-html=\"<span><\/span>\" data-category=\"1\"                  data-lg-size=\"1000-562\"\n\n      >\n        <figure class=\"ee-gallery-item-figure\">\n                        <img loading=\"lazy\" decoding=\"async\" class=\"breakdance-image-object\" src=\"https:\/\/magu-swiss.ch\/wp-content\/uploads\/2025\/03\/Jalosuiekasten-Stukkateur.webp\" width=\"1000\" height=\"562\" srcset=\"https:\/\/magu-swiss.ch\/wp-content\/uploads\/2025\/03\/Jalosuiekasten-Stukkateur.webp 1000w, https:\/\/magu-swiss.ch\/wp-content\/uploads\/2025\/03\/Jalosuiekasten-Stukkateur-300x169.webp 300w, https:\/\/magu-swiss.ch\/wp-content\/uploads\/2025\/03\/Jalosuiekasten-Stukkateur-768x432.webp 768w, https:\/\/magu-swiss.ch\/wp-content\/uploads\/2025\/03\/Jalosuiekasten-Stukkateur-600x337.webp 600w\" sizes=\"auto, (max-width: 1000px) 100vw, 1000px\">\n          \n                  <\/figure>\n      <\/a>\n\n                \n      <a class=\"ee-gallery-item ee-gallery-item--image ee-gallery-item--single\" href=\"https:\/\/magu-swiss.ch\/wp-content\/uploads\/2025\/03\/Montage-Raffstorekasten-.webp\"  data-sub-html=\"<span><\/span>\" data-category=\"1\"                  data-lg-size=\"1000-1333\"\n\n      >\n        <figure class=\"ee-gallery-item-figure\">\n                        <img loading=\"lazy\" decoding=\"async\" class=\"breakdance-image-object\" src=\"https:\/\/magu-swiss.ch\/wp-content\/uploads\/2025\/03\/Montage-Raffstorekasten--768x1024.webp\" width=\"768\" height=\"1024\" srcset=\"https:\/\/magu-swiss.ch\/wp-content\/uploads\/2025\/03\/Montage-Raffstorekasten-.webp 1000w, https:\/\/magu-swiss.ch\/wp-content\/uploads\/2025\/03\/Montage-Raffstorekasten--225x300.webp 225w, https:\/\/magu-swiss.ch\/wp-content\/uploads\/2025\/03\/Montage-Raffstorekasten--768x1024.webp 768w, https:\/\/magu-swiss.ch\/wp-content\/uploads\/2025\/03\/Montage-Raffstorekasten--600x800.webp 600w\" sizes=\"auto, (max-width: 1000px) 100vw, 1000px\">\n          \n                  <\/figure>\n      <\/a>\n\n                \n      <a class=\"ee-gallery-item ee-gallery-item--image ee-gallery-item--single\" href=\"https:\/\/magu-swiss.ch\/wp-content\/uploads\/2025\/03\/Lieferung-Montagekasten2.webp\"  data-sub-html=\"<span><\/span>\" data-category=\"1\"                  data-lg-size=\"1000-750\"\n\n      >\n        <figure class=\"ee-gallery-item-figure\">\n                        <img loading=\"lazy\" decoding=\"async\" class=\"breakdance-image-object\" src=\"https:\/\/magu-swiss.ch\/wp-content\/uploads\/2025\/03\/Lieferung-Montagekasten2.webp\" width=\"1000\" height=\"750\" srcset=\"https:\/\/magu-swiss.ch\/wp-content\/uploads\/2025\/03\/Lieferung-Montagekasten2.webp 1000w, https:\/\/magu-swiss.ch\/wp-content\/uploads\/2025\/03\/Lieferung-Montagekasten2-300x225.webp 300w, https:\/\/magu-swiss.ch\/wp-content\/uploads\/2025\/03\/Lieferung-Montagekasten2-768x576.webp 768w, https:\/\/magu-swiss.ch\/wp-content\/uploads\/2025\/03\/Lieferung-Montagekasten2-600x450.webp 600w\" sizes=\"auto, (max-width: 1000px) 100vw, 1000px\">\n          \n                  <\/figure>\n      <\/a>\n\n                \n      <a class=\"ee-gallery-item ee-gallery-item--image ee-gallery-item--single\" href=\"https:\/\/magu-swiss.ch\/wp-content\/uploads\/2025\/03\/Montage-Raffstorekasten-WDVS-.webp\"  data-sub-html=\"<span><\/span>\" data-category=\"1\"                  data-lg-size=\"1000-1333\"\n\n      >\n        <figure class=\"ee-gallery-item-figure\">\n                        <img loading=\"lazy\" decoding=\"async\" class=\"breakdance-image-object\" src=\"https:\/\/magu-swiss.ch\/wp-content\/uploads\/2025\/03\/Montage-Raffstorekasten-WDVS--768x1024.webp\" width=\"768\" height=\"1024\" srcset=\"https:\/\/magu-swiss.ch\/wp-content\/uploads\/2025\/03\/Montage-Raffstorekasten-WDVS-.webp 1000w, https:\/\/magu-swiss.ch\/wp-content\/uploads\/2025\/03\/Montage-Raffstorekasten-WDVS--225x300.webp 225w, https:\/\/magu-swiss.ch\/wp-content\/uploads\/2025\/03\/Montage-Raffstorekasten-WDVS--768x1024.webp 768w, https:\/\/magu-swiss.ch\/wp-content\/uploads\/2025\/03\/Montage-Raffstorekasten-WDVS--600x800.webp 600w\" sizes=\"auto, (max-width: 1000px) 100vw, 1000px\">\n          \n                  <\/figure>\n      <\/a>\n\n                \n      <a class=\"ee-gallery-item ee-gallery-item--image ee-gallery-item--single\" href=\"https:\/\/magu-swiss.ch\/wp-content\/uploads\/2025\/03\/20250310_143240-scaled.webp\"  data-sub-html=\"<span><\/span>\" data-category=\"1\"                  data-lg-size=\"2560-1920\"\n\n      >\n        <figure class=\"ee-gallery-item-figure\">\n                        <img loading=\"lazy\" decoding=\"async\" class=\"breakdance-image-object\" src=\"https:\/\/magu-swiss.ch\/wp-content\/uploads\/2025\/03\/20250310_143240-1024x768.webp\" width=\"1024\" height=\"768\" srcset=\"https:\/\/magu-swiss.ch\/wp-content\/uploads\/2025\/03\/20250310_143240-scaled.webp 2560w, https:\/\/magu-swiss.ch\/wp-content\/uploads\/2025\/03\/20250310_143240-300x225.webp 300w, https:\/\/magu-swiss.ch\/wp-content\/uploads\/2025\/03\/20250310_143240-1024x768.webp 1024w, https:\/\/magu-swiss.ch\/wp-content\/uploads\/2025\/03\/20250310_143240-768x576.webp 768w, https:\/\/magu-swiss.ch\/wp-content\/uploads\/2025\/03\/20250310_143240-1536x1152.webp 1536w, https:\/\/magu-swiss.ch\/wp-content\/uploads\/2025\/03\/20250310_143240-2048x1536.webp 2048w, https:\/\/magu-swiss.ch\/wp-content\/uploads\/2025\/03\/20250310_143240-600x450.webp 600w\" sizes=\"auto, (max-width: 2560px) 100vw, 2560px\">\n          \n                  <\/figure>\n      <\/a>\n\n                \n      <a class=\"ee-gallery-item ee-gallery-item--image ee-gallery-item--single\" href=\"https:\/\/magu-swiss.ch\/wp-content\/uploads\/2025\/03\/Raffstore-Kasten-Mineralwolle-1-1.webp\"  data-sub-html=\"<span><\/span>\" data-category=\"1\"                  data-lg-size=\"1000-1333\"\n\n      >\n        <figure class=\"ee-gallery-item-figure\">\n                        <img loading=\"lazy\" decoding=\"async\" class=\"breakdance-image-object\" src=\"https:\/\/magu-swiss.ch\/wp-content\/uploads\/2025\/03\/Raffstore-Kasten-Mineralwolle-1-1-768x1024.webp\" width=\"768\" height=\"1024\" srcset=\"https:\/\/magu-swiss.ch\/wp-content\/uploads\/2025\/03\/Raffstore-Kasten-Mineralwolle-1-1.webp 1000w, https:\/\/magu-swiss.ch\/wp-content\/uploads\/2025\/03\/Raffstore-Kasten-Mineralwolle-1-1-225x300.webp 225w, https:\/\/magu-swiss.ch\/wp-content\/uploads\/2025\/03\/Raffstore-Kasten-Mineralwolle-1-1-768x1024.webp 768w, https:\/\/magu-swiss.ch\/wp-content\/uploads\/2025\/03\/Raffstore-Kasten-Mineralwolle-1-1-600x800.webp 600w\" sizes=\"auto, (max-width: 1000px) 100vw, 1000px\">\n          \n                  <\/figure>\n      <\/a>\n\n                \n      <a class=\"ee-gallery-item ee-gallery-item--image ee-gallery-item--single\" href=\"https:\/\/magu-swiss.ch\/wp-content\/uploads\/2025\/03\/20250312_064516-scaled.webp\"  data-sub-html=\"<span><\/span>\" data-category=\"1\"                  data-lg-size=\"1920-2560\"\n\n      >\n        <figure class=\"ee-gallery-item-figure\">\n                        <img loading=\"lazy\" decoding=\"async\" class=\"breakdance-image-object\" src=\"https:\/\/magu-swiss.ch\/wp-content\/uploads\/2025\/03\/20250312_064516-768x1024.webp\" width=\"768\" height=\"1024\" srcset=\"https:\/\/magu-swiss.ch\/wp-content\/uploads\/2025\/03\/20250312_064516-scaled.webp 1920w, https:\/\/magu-swiss.ch\/wp-content\/uploads\/2025\/03\/20250312_064516-225x300.webp 225w, https:\/\/magu-swiss.ch\/wp-content\/uploads\/2025\/03\/20250312_064516-768x1024.webp 768w, https:\/\/magu-swiss.ch\/wp-content\/uploads\/2025\/03\/20250312_064516-1152x1536.webp 1152w, https:\/\/magu-swiss.ch\/wp-content\/uploads\/2025\/03\/20250312_064516-1536x2048.webp 1536w, https:\/\/magu-swiss.ch\/wp-content\/uploads\/2025\/03\/20250312_064516-600x800.webp 600w\" sizes=\"auto, (max-width: 1920px) 100vw, 1920px\">\n          \n                  <\/figure>\n      <\/a>\n\n                \n      <a class=\"ee-gallery-item ee-gallery-item--image ee-gallery-item--single\" href=\"https:\/\/magu-swiss.ch\/wp-content\/uploads\/2025\/03\/20250310_143311-scaled.webp\"  data-sub-html=\"<span><\/span>\" data-category=\"1\"                  data-lg-size=\"1920-2560\"\n\n      >\n        <figure class=\"ee-gallery-item-figure\">\n                        <img loading=\"lazy\" decoding=\"async\" class=\"breakdance-image-object\" src=\"https:\/\/magu-swiss.ch\/wp-content\/uploads\/2025\/03\/20250310_143311-768x1024.webp\" width=\"768\" height=\"1024\" srcset=\"https:\/\/magu-swiss.ch\/wp-content\/uploads\/2025\/03\/20250310_143311-scaled.webp 1920w, https:\/\/magu-swiss.ch\/wp-content\/uploads\/2025\/03\/20250310_143311-225x300.webp 225w, https:\/\/magu-swiss.ch\/wp-content\/uploads\/2025\/03\/20250310_143311-768x1024.webp 768w, https:\/\/magu-swiss.ch\/wp-content\/uploads\/2025\/03\/20250310_143311-1152x1536.webp 1152w, https:\/\/magu-swiss.ch\/wp-content\/uploads\/2025\/03\/20250310_143311-1536x2048.webp 1536w, https:\/\/magu-swiss.ch\/wp-content\/uploads\/2025\/03\/20250310_143311-600x800.webp 600w\" sizes=\"auto, (max-width: 1920px) 100vw, 1920px\">\n          \n                  <\/figure>\n      <\/a>\n\n      \n  <\/div>\n\n\n\n<\/div><\/div>\n<\/section><section class=\"bde-section-1713-111 bde-section\">\n  \n  \n\t\n\n\n\n<div class=\"section-container\"><div class=\"bde-columns-1713-112 bde-columns\"><div class=\"bde-column-1713-113 bde-column\">\n  \n  \n\t\n\n\n\n<h3 class=\"bde-heading-1713-114 bde-heading animated-underline\">\nPanoramica dei modelli di cassonetti per tapparelle  WDVS <br>\n<\/h3>\n<\/div><\/div><div class=\"bde-columns-1713-115 bde-columns\"><div class=\"bde-column-1713-116 bde-column\">\n  \n  \n\t\n\n\n\n<img decoding=\"async\" class=\"bde-image2-1713-117 bde-image2\" src=\"https:\/\/magu-swiss.ch\/wp-content\/uploads\/2025\/03\/Typenuebersicht-1.webp\" loading=\"lazy\" srcset=\"https:\/\/magu-swiss.ch\/wp-content\/uploads\/2025\/03\/Typenuebersicht-1.webp 1000w, https:\/\/magu-swiss.ch\/wp-content\/uploads\/2025\/03\/Typenuebersicht-1-300x62.webp 300w, https:\/\/magu-swiss.ch\/wp-content\/uploads\/2025\/03\/Typenuebersicht-1-768x158.webp 768w, https:\/\/magu-swiss.ch\/wp-content\/uploads\/2025\/03\/Typenuebersicht-1-600x124.webp 600w\" sizes=\"(max-width: 1000px) 100vw, 1000px\"><div class=\"bde-text-1713-118 bde-text\">\nOltre alle versioni e agli spessori delle pareti qui elencati, offriamo anche soluzioni personalizzate in base alle vostre esigenze e richieste, con il tipo di cassonetto per tapparelle pi\u00f9 adatto. Non esitate a contattarci senza alcun impegno. <br>\n<\/div>\n<\/div><\/div><div class=\"bde-button-1713-119 bde-button\">\n        \n    \n    \n    \n    \n            \n                    \n            \n            \n\n    \n    \n    \n    \n    \n    <a class=\"breakdance-link button-atom button-atom--custom bde-button__button\" href=\"https:\/\/magu-swiss.ch\/wp-content\/uploads\/2025\/03\/MAGU-RK-Typenuebersicht.pdf\" target=\"_blank\" data-type=\"url\"  >\n\n    \n        <span class=\"button-atom__text\">Panoramica dei modelli dei cassonetti per tapparelle MAGU e dei cassonetti per persiane MAGU  da scaricare in formato .pdf<\/span>\n\n        \n        \n                <\/a>\n\n    \n\n\n<\/div><\/div>\n<\/section><section class=\"bde-section-1713-151 bde-section padding-elements\">\n  \n  \n\t\n\n\n\n<div class=\"section-container\"><div class=\"bde-div-1713-152 bde-div\">\n  \n  \n\t\n\n\n\n<h2 class=\"bde-heading-1713-153 bde-heading animated-underline padding-elements\">\nElemento per piscina \u2013 documentazione tecnica\n<\/h2><div class=\"bde-columns-1713-154 bde-columns padding-elements\"><div class=\"bde-column-1713-155 bde-column\">\n  \n  \n\t\n\n\n\n<div class=\"bde-image-box-1713-158 bde-image-box hover-zoom\">\n<div class=\"ee-imagebox-image\">\n  <img loading=\"lazy\" decoding=\"async\" class=\"breakdance-image-object\" src=\"https:\/\/magu-swiss.ch\/wp-content\/uploads\/2025\/03\/MAGU-Jalousiekasten-WDVS2-1.webp\" width=\"1000\" height=\"1346\" srcset=\"https:\/\/magu-swiss.ch\/wp-content\/uploads\/2025\/03\/MAGU-Jalousiekasten-WDVS2-1.webp 1000w, https:\/\/magu-swiss.ch\/wp-content\/uploads\/2025\/03\/MAGU-Jalousiekasten-WDVS2-1-223x300.webp 223w, https:\/\/magu-swiss.ch\/wp-content\/uploads\/2025\/03\/MAGU-Jalousiekasten-WDVS2-1-761x1024.webp 761w, https:\/\/magu-swiss.ch\/wp-content\/uploads\/2025\/03\/MAGU-Jalousiekasten-WDVS2-1-768x1034.webp 768w, https:\/\/magu-swiss.ch\/wp-content\/uploads\/2025\/03\/MAGU-Jalousiekasten-WDVS2-1-600x808.webp 600w\" sizes=\"auto, (max-width: 1000px) 100vw, 1000px\">\n<\/div>\n<div class=\"ee-imagebox-content\">\n    \n      <div class=\"ee-imagebox-text\" >Cassonetto per tapparelle con sistema di isolamento termico esterno (WDVS)<\/div>\n    \n              \n    \n    \n    \n    \n            \n                    \n            \n            \n\n    \n    \n    \n    \n    \n    <a class=\"breakdance-link button-atom button-atom--secondary ee-imagebox-button\" href=\"https:\/\/magu-swiss.ch\/wp-content\/uploads\/2025\/03\/MAGU-Jalousiekasten-WDVS.pdf\" target=\"_blank\" data-type=\"url\"  >\n\n    \n        <span class=\"button-atom__text\">Apri PDF<\/span>\n\n        \n        \n                <\/a>\n\n    \n\n  <\/div>\n\n<\/div>\n<\/div><div class=\"bde-column-1713-157 bde-column\">\n  \n  \n\t\n\n\n\n<div class=\"bde-image-box-1713-156 bde-image-box hover-zoom\">\n<div class=\"ee-imagebox-image\">\n  <img loading=\"lazy\" decoding=\"async\" class=\"breakdance-image-object\" src=\"https:\/\/magu-swiss.ch\/wp-content\/uploads\/2025\/03\/Montage-Jalousiekasten-WDVS2.webp\" width=\"1000\" height=\"1346\" srcset=\"https:\/\/magu-swiss.ch\/wp-content\/uploads\/2025\/03\/Montage-Jalousiekasten-WDVS2.webp 1000w, https:\/\/magu-swiss.ch\/wp-content\/uploads\/2025\/03\/Montage-Jalousiekasten-WDVS2-223x300.webp 223w, https:\/\/magu-swiss.ch\/wp-content\/uploads\/2025\/03\/Montage-Jalousiekasten-WDVS2-761x1024.webp 761w, https:\/\/magu-swiss.ch\/wp-content\/uploads\/2025\/03\/Montage-Jalousiekasten-WDVS2-768x1034.webp 768w, https:\/\/magu-swiss.ch\/wp-content\/uploads\/2025\/03\/Montage-Jalousiekasten-WDVS2-600x808.webp 600w\" sizes=\"auto, (max-width: 1000px) 100vw, 1000px\">\n<\/div>\n<div class=\"ee-imagebox-content\">\n    \n      <div class=\"ee-imagebox-text\" >Montaggio del cassonetto per sistema di isolamento termico esterno (WDVS) <\/div>\n    \n              \n    \n    \n    \n    \n            \n                    \n            \n            \n\n    \n    \n    \n    \n    \n    <a class=\"breakdance-link button-atom button-atom--secondary ee-imagebox-button\" href=\"https:\/\/magu-swiss.ch\/wp-content\/uploads\/2025\/03\/Montage-Jalousiekasten-WDVS.pdf\" target=\"_blank\" data-type=\"url\"  >\n\n    \n        <span class=\"button-atom__text\">Apri PDF<\/span>\n\n        \n        \n                <\/a>\n\n    \n\n  <\/div>\n\n<\/div>\n<\/div><div class=\"bde-column-1713-159 bde-column\">\n  \n  \n\t\n\n\n\n\n<\/div><div class=\"bde-column-1713-161 bde-column\">\n  \n  \n\t\n\n\n\n\n<\/div><\/div>\n<\/div><\/div>\n<\/section>","protected":false},"excerpt":{"rendered":"<p>MAGU Jalousiekasten f\u00fcr den Vollw\u00e4rmeschutz Die MAGU Jalousiek\u00e4sten WDVS werden auf den bestehenden Tragw\u00e4nden montiert. Der Kasten wird mit dem Vollw\u00e4rmeschutz unsichtbar verputzt und bietet der Jalousie eine sichere Verankerung sowie einen zuverl\u00e4ssigen Schutz vor Witterungseinfl\u00fcssen. F\u00fcr Mauerwerk und Holzst\u00e4nderkonstruktionen Wandst\u00e4rken von 30 bis 50 cm Sichere Verankerung aller Jalousien oder Raffstoren Witterungsfest und feuchteunempfindlich [&hellip;]<\/p>\n","protected":false},"author":1,"featured_media":866,"parent":1671,"menu_order":0,"comment_status":"closed","ping_status":"closed","template":"","meta":{"_breakdance_hide_in_design_set":false,"_breakdance_tags":"","footnotes":""},"categories":[],"tags":[119],"class_list":["post-1713","page","type-page","status-publish","has-post-thumbnail","hentry","tag-rund-ums-fenster"],"_links":{"self":[{"href":"https:\/\/magu-swiss.ch\/it\/wp-json\/wp\/v2\/pages\/1713","targetHints":{"allow":["GET"]}}],"collection":[{"href":"https:\/\/magu-swiss.ch\/it\/wp-json\/wp\/v2\/pages"}],"about":[{"href":"https:\/\/magu-swiss.ch\/it\/wp-json\/wp\/v2\/types\/page"}],"author":[{"embeddable":true,"href":"https:\/\/magu-swiss.ch\/it\/wp-json\/wp\/v2\/users\/1"}],"replies":[{"embeddable":true,"href":"https:\/\/magu-swiss.ch\/it\/wp-json\/wp\/v2\/comments?post=1713"}],"version-history":[{"count":14,"href":"https:\/\/magu-swiss.ch\/it\/wp-json\/wp\/v2\/pages\/1713\/revisions"}],"predecessor-version":[{"id":3474,"href":"https:\/\/magu-swiss.ch\/it\/wp-json\/wp\/v2\/pages\/1713\/revisions\/3474"}],"up":[{"embeddable":true,"href":"https:\/\/magu-swiss.ch\/it\/wp-json\/wp\/v2\/pages\/1671"}],"wp:featuredmedia":[{"embeddable":true,"href":"https:\/\/magu-swiss.ch\/it\/wp-json\/wp\/v2\/media\/866"}],"wp:attachment":[{"href":"https:\/\/magu-swiss.ch\/it\/wp-json\/wp\/v2\/media?parent=1713"}],"wp:term":[{"taxonomy":"category","embeddable":true,"href":"https:\/\/magu-swiss.ch\/it\/wp-json\/wp\/v2\/categories?post=1713"},{"taxonomy":"post_tag","embeddable":true,"href":"https:\/\/magu-swiss.ch\/it\/wp-json\/wp\/v2\/tags?post=1713"}],"curies":[{"name":"wp","href":"https:\/\/api.w.org\/{rel}","templated":true}]}}